{"id":37,"date":"2019-12-30T10:20:39","date_gmt":"2019-12-30T13:20:39","guid":{"rendered":"http:\/\/fmtinkunaco.redelivre.org.br\/?page_id=33"},"modified":"2023-10-20T10:47:37","modified_gmt":"2023-10-20T13:47:37","slug":"noticias","status":"publish","type":"page","link":"https:\/\/fmtinkunaco.ar\/?page_id=37","title":{"rendered":"Noticias"},"content":{"rendered":"<form role=\"search\" method=\"get\" action=\"https:\/\/fmtinkunaco.ar\/\" class=\"wp-block-search__button-inside wp-block-search__icon-button aligncenter wp-block-search\"    ><label class=\"wp-block-search__label screen-reader-text\" for=\"wp-block-search__input-1\" >Buscar<\/label><div class=\"wp-block-search__inside-wrapper\"  style=\"width: 960px\"><input class=\"wp-block-search__input\" id=\"wp-block-search__input-1\" placeholder=\"Buscar noticia\" value=\"\" type=\"search\" name=\"s\" required \/><button aria-label=\"Buscar\" class=\"wp-block-search__button has-icon wp-element-button\" type=\"submit\" ><svg class=\"search-icon\" viewBox=\"0 0 24 24\" width=\"24\" height=\"24\">\n\t\t\t\t\t<path d=\"M13 5c-3.3 0-6 2.7-6 6 0 1.4.5 2.7 1.3 3.7l-3.8 3.8 1.1 1.1 3.8-3.8c1 .8 2.3 1.3 3.7 1.3 3.3 0 6-2.7 6-6S16.3 5 13 5zm0 10.5c-2.5 0-4.5-2-4.5-4.5s2-4.5 4.5-4.5 4.5 2 4.5 4.5-2 4.5-4.5 4.5z\"><\/path>\n\t\t\t\t<\/svg><\/button><\/div><\/form>\n\n\n<div class=\"wp-block-query alignfull is-layout-flow wp-block-query-is-layout-flow\">\n<div class=\"wp-block-group\" style=\"margin-top:0;margin-bottom:0;padding-top:0;padding-right:var(--wp--preset--spacing--40);padding-bottom:var(--wp--preset--spacing--40);padding-left:var(--wp--preset--spacing--40)\"><div class=\"wp-block-group__inner-container is-layout-constrained wp-container-core-group-is-layout-3a46d52e wp-block-group-is-layout-constrained\">\n<div class=\"wp-block-columns is-layout-flex wp-container-core-columns-is-layout-28f84493 wp-block-columns-is-layout-flex\">\n<div class=\"wp-block-column is-layout-flow wp-block-column-is-layout-flow\" style=\"flex-basis:100%\">\n<div class=\"wp-block-query is-layout-flow wp-block-query-is-layout-flow\"><ul class=\"wp-block-post-template is-layout-flow wp-block-post-template-is-layout-flow\"><li class=\"wp-block-post post-7400 post type-post status-publish format-standard has-post-thumbnail hentry category-derechos-humanos\">\n\n<div class=\"wp-block-columns alignwide is-layout-flex wp-container-core-columns-is-layout-28f84493 wp-block-columns-is-layout-flex\">\n<div class=\"wp-block-column is-layout-flow wp-block-column-is-layout-flow\" style=\"flex-basis:66.66%\"><figure class=\"wp-block-post-featured-image\"><a href=\"https:\/\/fmtinkunaco.ar\/?p=7400\" target=\"_self\"  ><img loading=\"lazy\" decoding=\"async\" width=\"1638\" height=\"1013\" src=\"https:\/\/fmtinkunaco.ar\/wp-content\/uploads\/2026\/04\/681476830_1540644764092138_5057304740213658638_n.jpg\" class=\"attachment-post-thumbnail size-post-thumbnail wp-post-image\" alt=\"Moreno por la Memoria repudia el Decreto Presidencial 264\/2026\" style=\"object-fit:cover;\" srcset=\"https:\/\/fmtinkunaco.ar\/wp-content\/uploads\/2026\/04\/681476830_1540644764092138_5057304740213658638_n.jpg 1638w, https:\/\/fmtinkunaco.ar\/wp-content\/uploads\/2026\/04\/681476830_1540644764092138_5057304740213658638_n-300x186.jpg 300w, https:\/\/fmtinkunaco.ar\/wp-content\/uploads\/2026\/04\/681476830_1540644764092138_5057304740213658638_n-1024x633.jpg 1024w, https:\/\/fmtinkunaco.ar\/wp-content\/uploads\/2026\/04\/681476830_1540644764092138_5057304740213658638_n-768x475.jpg 768w, https:\/\/fmtinkunaco.ar\/wp-content\/uploads\/2026\/04\/681476830_1540644764092138_5057304740213658638_n-1536x950.jpg 1536w\" sizes=\"auto, (max-width: 1638px) 100vw, 1638px\" \/><\/a><\/figure><\/div>\n\n\n\n<div class=\"wp-block-column is-layout-flow wp-block-column-is-layout-flow\" style=\"flex-basis:33.33%\"><h2 class=\"wp-block-post-title\"><a href=\"https:\/\/fmtinkunaco.ar\/?p=7400\" target=\"_self\" >Moreno por la Memoria repudia el Decreto Presidencial 264\/2026<\/a><\/h2>\n\n<div class=\"wp-block-post-excerpt\"><p class=\"wp-block-post-excerpt__excerpt\">El Decreto Presidencial 264\/2026, con fecha del 16 de abril, autoriza el ingreso de efectivos y equipos de las Fuerzas Armadas de los Estados Unidos de Am\u00e9rica para realizar ejercicios militares denominados \u00abDaga Atl\u00e1ntica\u00bb y \u00abPASSEX\u00bb en territorio argentino, entre el 21 de abril y el 12 de junio del corriente a\u00f1o. Martha Ibarra, es&hellip; <\/p><\/div><\/div>\n<\/div>\n\n<\/li><li class=\"wp-block-post post-7397 post type-post status-publish format-standard has-post-thumbnail hentry category-salud\">\n\n<div class=\"wp-block-columns alignwide is-layout-flex wp-container-core-columns-is-layout-28f84493 wp-block-columns-is-layout-flex\">\n<div class=\"wp-block-column is-layout-flow wp-block-column-is-layout-flow\" style=\"flex-basis:66.66%\"><figure class=\"wp-block-post-featured-image\"><a href=\"https:\/\/fmtinkunaco.ar\/?p=7397\" target=\"_self\"  ><img loading=\"lazy\" decoding=\"async\" width=\"718\" height=\"480\" src=\"https:\/\/fmtinkunaco.ar\/wp-content\/uploads\/2026\/04\/40104076_2151920278211626_8302669277819830272_n-1.jpg\" class=\"attachment-post-thumbnail size-post-thumbnail wp-post-image\" alt=\"Enfermeros solidarios de Pilar en nueva cruzada solidaria al Impenetrable\" style=\"object-fit:cover;\" srcset=\"https:\/\/fmtinkunaco.ar\/wp-content\/uploads\/2026\/04\/40104076_2151920278211626_8302669277819830272_n-1.jpg 718w, https:\/\/fmtinkunaco.ar\/wp-content\/uploads\/2026\/04\/40104076_2151920278211626_8302669277819830272_n-1-300x201.jpg 300w\" sizes=\"auto, (max-width: 718px) 100vw, 718px\" \/><\/a><\/figure><\/div>\n\n\n\n<div class=\"wp-block-column is-layout-flow wp-block-column-is-layout-flow\" style=\"flex-basis:33.33%\"><h2 class=\"wp-block-post-title\"><a href=\"https:\/\/fmtinkunaco.ar\/?p=7397\" target=\"_self\" >Enfermeros solidarios de Pilar en nueva cruzada solidaria al Impenetrable<\/a><\/h2>\n\n<div class=\"wp-block-post-excerpt\"><p class=\"wp-block-post-excerpt__excerpt\">Enfermeros y enfermeras solidarias de Pilar, impulsan una nueva cruzada solidaria a las comunidades del Impenetrable Chaque\u00f1o, Formose\u00f1o y Salte\u00f1o, durante el mes de mayo. Lidia Aguilar, es profesional de la salud y una de las referentes de Enfermeros Solidarios, y explic\u00f3 la iniciativa de este grupo \u201cSoy formose\u00f1a, mi pap\u00e1 era chaque\u00f1o, y desde&hellip; <\/p><\/div><\/div>\n<\/div>\n\n<\/li><li class=\"wp-block-post post-7394 post type-post status-publish format-standard has-post-thumbnail hentry category-cultura\">\n\n<div class=\"wp-block-columns alignwide is-layout-flex wp-container-core-columns-is-layout-28f84493 wp-block-columns-is-layout-flex\">\n<div class=\"wp-block-column is-layout-flow wp-block-column-is-layout-flow\" style=\"flex-basis:66.66%\"><figure class=\"wp-block-post-featured-image\"><a href=\"https:\/\/fmtinkunaco.ar\/?p=7394\" target=\"_self\"  ><img loading=\"lazy\" decoding=\"async\" width=\"2048\" height=\"1216\" src=\"https:\/\/fmtinkunaco.ar\/wp-content\/uploads\/2026\/04\/491970173_1102338308602553_3250538300223678537_n.jpg\" class=\"attachment-post-thumbnail size-post-thumbnail wp-post-image\" alt=\"El Centro Cultural Las Catonas contin\u00faa con inscripciones abiertas para sus talleres\" style=\"object-fit:cover;\" srcset=\"https:\/\/fmtinkunaco.ar\/wp-content\/uploads\/2026\/04\/491970173_1102338308602553_3250538300223678537_n.jpg 2048w, https:\/\/fmtinkunaco.ar\/wp-content\/uploads\/2026\/04\/491970173_1102338308602553_3250538300223678537_n-300x178.jpg 300w, https:\/\/fmtinkunaco.ar\/wp-content\/uploads\/2026\/04\/491970173_1102338308602553_3250538300223678537_n-1024x608.jpg 1024w, https:\/\/fmtinkunaco.ar\/wp-content\/uploads\/2026\/04\/491970173_1102338308602553_3250538300223678537_n-768x456.jpg 768w, https:\/\/fmtinkunaco.ar\/wp-content\/uploads\/2026\/04\/491970173_1102338308602553_3250538300223678537_n-1536x912.jpg 1536w\" sizes=\"auto, (max-width: 2048px) 100vw, 2048px\" \/><\/a><\/figure><\/div>\n\n\n\n<div class=\"wp-block-column is-layout-flow wp-block-column-is-layout-flow\" style=\"flex-basis:33.33%\"><h2 class=\"wp-block-post-title\"><a href=\"https:\/\/fmtinkunaco.ar\/?p=7394\" target=\"_self\" >El Centro Cultural Las Catonas contin\u00faa con inscripciones abiertas para sus talleres<\/a><\/h2>\n\n<div class=\"wp-block-post-excerpt\"><p class=\"wp-block-post-excerpt__excerpt\">El Centro Cultural Las Catonas tiene sus comienzos en un club m\u00e1s de \u00edndole deportivo que luego de una convocatoria a la comunidad y a la activa participaci\u00f3n de las y los j\u00f3venes del barrio se desarrolla en un proyecto y espacio m\u00e1s vinculado a lo cultural. El espacio en el que funcionan hace casi&hellip; <\/p><\/div><\/div>\n<\/div>\n\n<\/li><\/ul><\/div>\n<\/div>\n<\/div>\n\n\n\n<div class=\"wp-block-query is-layout-flow wp-block-query-is-layout-flow\"><ul class=\"columns-3 wp-block-post-template is-layout-grid wp-container-core-post-template-is-layout-6d3fbd8f wp-block-post-template-is-layout-grid\"><li class=\"wp-block-post post-7400 post type-post status-publish format-standard has-post-thumbnail hentry category-derechos-humanos\">\n\n<div class=\"wp-block-group\" style=\"padding-top:30px;padding-right:30px;padding-bottom:30px;padding-left:30px\"><div class=\"wp-block-group__inner-container is-layout-flow wp-block-group-is-layout-flow\"><h2 class=\"wp-block-post-title\"><a href=\"https:\/\/fmtinkunaco.ar\/?p=7400\" target=\"_self\" >Moreno por la Memoria repudia el Decreto Presidencial 264\/2026<\/a><\/h2>\n\n<div class=\"wp-block-post-excerpt\"><p class=\"wp-block-post-excerpt__excerpt\">El Decreto Presidencial 264\/2026, con fecha del 16 de abril, autoriza el ingreso de efectivos y equipos de las Fuerzas Armadas de los Estados Unidos de Am\u00e9rica para realizar ejercicios militares denominados \u00abDaga Atl\u00e1ntica\u00bb y \u00abPASSEX\u00bb en territorio argentino, entre el 21 de abril y el 12 de junio del corriente a\u00f1o. Martha Ibarra, es<\/p><p class=\"wp-block-post-excerpt__more-text\"><a class=\"wp-block-post-excerpt__more-link\" href=\"https:\/\/fmtinkunaco.ar\/?p=7400\">Leer mas&#8230;<\/a><\/p><\/div>\n\n<div class=\"wp-block-post-date\"><time datetime=\"2026-04-28T09:09:40-03:00\">28 de abril de 2026<\/time><\/div><\/div><\/div>\n\n<\/li><li class=\"wp-block-post post-7397 post type-post status-publish format-standard has-post-thumbnail hentry category-salud\">\n\n<div class=\"wp-block-group\" style=\"padding-top:30px;padding-right:30px;padding-bottom:30px;padding-left:30px\"><div class=\"wp-block-group__inner-container is-layout-flow wp-block-group-is-layout-flow\"><h2 class=\"wp-block-post-title\"><a href=\"https:\/\/fmtinkunaco.ar\/?p=7397\" target=\"_self\" >Enfermeros solidarios de Pilar en nueva cruzada solidaria al Impenetrable<\/a><\/h2>\n\n<div class=\"wp-block-post-excerpt\"><p class=\"wp-block-post-excerpt__excerpt\">Enfermeros y enfermeras solidarias de Pilar, impulsan una nueva cruzada solidaria a las comunidades del Impenetrable Chaque\u00f1o, Formose\u00f1o y Salte\u00f1o, durante el mes de mayo. Lidia Aguilar, es profesional de la salud y una de las referentes de Enfermeros Solidarios, y explic\u00f3 la iniciativa de este grupo \u201cSoy formose\u00f1a, mi pap\u00e1 era chaque\u00f1o, y desde<\/p><p class=\"wp-block-post-excerpt__more-text\"><a class=\"wp-block-post-excerpt__more-link\" href=\"https:\/\/fmtinkunaco.ar\/?p=7397\">Leer mas&#8230;<\/a><\/p><\/div>\n\n<div class=\"wp-block-post-date\"><time datetime=\"2026-04-27T11:04:36-03:00\">27 de abril de 2026<\/time><\/div><\/div><\/div>\n\n<\/li><li class=\"wp-block-post post-7394 post type-post status-publish format-standard has-post-thumbnail hentry category-cultura\">\n\n<div class=\"wp-block-group\" style=\"padding-top:30px;padding-right:30px;padding-bottom:30px;padding-left:30px\"><div class=\"wp-block-group__inner-container is-layout-flow wp-block-group-is-layout-flow\"><h2 class=\"wp-block-post-title\"><a href=\"https:\/\/fmtinkunaco.ar\/?p=7394\" target=\"_self\" >El Centro Cultural Las Catonas contin\u00faa con inscripciones abiertas para sus talleres<\/a><\/h2>\n\n<div class=\"wp-block-post-excerpt\"><p class=\"wp-block-post-excerpt__excerpt\">El Centro Cultural Las Catonas tiene sus comienzos en un club m\u00e1s de \u00edndole deportivo que luego de una convocatoria a la comunidad y a la activa participaci\u00f3n de las y los j\u00f3venes del barrio se desarrolla en un proyecto y espacio m\u00e1s vinculado a lo cultural. El espacio en el que funcionan hace casi<\/p><p class=\"wp-block-post-excerpt__more-text\"><a class=\"wp-block-post-excerpt__more-link\" href=\"https:\/\/fmtinkunaco.ar\/?p=7394\">Leer mas&#8230;<\/a><\/p><\/div>\n\n<div class=\"wp-block-post-date\"><time datetime=\"2026-04-24T11:51:50-03:00\">24 de abril de 2026<\/time><\/div><\/div><\/div>\n\n<\/li><li class=\"wp-block-post post-7388 post type-post status-publish format-standard has-post-thumbnail hentry category-sociedad\">\n\n<div class=\"wp-block-group\" style=\"padding-top:30px;padding-right:30px;padding-bottom:30px;padding-left:30px\"><div class=\"wp-block-group__inner-container is-layout-flow wp-block-group-is-layout-flow\"><h2 class=\"wp-block-post-title\"><a href=\"https:\/\/fmtinkunaco.ar\/?p=7388\" target=\"_self\" >Vencer para Vivir, una organizaci\u00f3n con m\u00e1s de 28 a\u00f1os de trabajo en el acompa\u00f1amiento de adicciones<\/a><\/h2>\n\n<div class=\"wp-block-post-excerpt\"><p class=\"wp-block-post-excerpt__excerpt\">Vencer para Vivir es una organizaci\u00f3n que trabaja en la provincia de Buenos Aires desde el a\u00f1o 1997 y que acompa\u00f1a la recuperaci\u00f3n de personas con consumo problem\u00e1tico, para su rehabilitaci\u00f3n pero tambi\u00e9n para ayudarlos e encontrar un prop\u00f3sito, un oficio, capacitarse. Mat\u00edas Sayons, es subdirector de la organizaci\u00f3n Vencer para Vivir, y describi\u00f3 el<\/p><p class=\"wp-block-post-excerpt__more-text\"><a class=\"wp-block-post-excerpt__more-link\" href=\"https:\/\/fmtinkunaco.ar\/?p=7388\">Leer mas&#8230;<\/a><\/p><\/div>\n\n<div class=\"wp-block-post-date\"><time datetime=\"2026-04-22T11:35:45-03:00\">22 de abril de 2026<\/time><\/div><\/div><\/div>\n\n<\/li><li class=\"wp-block-post post-7384 post type-post status-publish format-standard has-post-thumbnail hentry category-sociedad\">\n\n<div class=\"wp-block-group\" style=\"padding-top:30px;padding-right:30px;padding-bottom:30px;padding-left:30px\"><div class=\"wp-block-group__inner-container is-layout-flow wp-block-group-is-layout-flow\"><h2 class=\"wp-block-post-title\"><a href=\"https:\/\/fmtinkunaco.ar\/?p=7384\" target=\"_self\" >Justicia por Joaqu\u00edn Ortega: Marcha y movilizaci\u00f3n el 22 de abril<\/a><\/h2>\n\n<div class=\"wp-block-post-excerpt\"><p class=\"wp-block-post-excerpt__excerpt\">La familia de Joaqu\u00edn Ortega, se moviliza el pr\u00f3ximo mi\u00e9rcoles 22 de abril a la Fiscal\u00eda N\u00b0 4 de San Mart\u00edn, exigiendo el cambio de caratula a la Fiscal Ana Rosa De Leo. Joaqu\u00edn Ortega, era un joven de 19 a\u00f1os que falleci\u00f3 tras una descarga el\u00e9ctrica mientras realizaba trabajos de pintura para el Municipio<\/p><p class=\"wp-block-post-excerpt__more-text\"><a class=\"wp-block-post-excerpt__more-link\" href=\"https:\/\/fmtinkunaco.ar\/?p=7384\">Leer mas&#8230;<\/a><\/p><\/div>\n\n<div class=\"wp-block-post-date\"><time datetime=\"2026-04-20T12:57:51-03:00\">20 de abril de 2026<\/time><\/div><\/div><\/div>\n\n<\/li><li class=\"wp-block-post post-7381 post type-post status-publish format-standard has-post-thumbnail hentry category-genero\">\n\n<div class=\"wp-block-group\" style=\"padding-top:30px;padding-right:30px;padding-bottom:30px;padding-left:30px\"><div class=\"wp-block-group__inner-container is-layout-flow wp-block-group-is-layout-flow\"><h2 class=\"wp-block-post-title\"><a href=\"https:\/\/fmtinkunaco.ar\/?p=7381\" target=\"_self\" >El Encuentro Regional de Mujeres, Lesbianas, Travestis, Trans, No binaries ya tiene Sede<\/a><\/h2>\n\n<div class=\"wp-block-post-excerpt\"><p class=\"wp-block-post-excerpt__excerpt\">General Rodr\u00edguez, fue elegido como la sede del Encuentro Regional de Mujeres, Lesbianas, Travestis, Trans, No binaries del conurbano oeste y noroeste de este 2026. Anal\u00eda Viera Erartes, integra la comisi\u00f3n organizadora del Encuentro Regional, e hizo referencia a la elecci\u00f3n de la sede \u201cPor mayor\u00eda, por unanimidad, sali\u00f3 seleccionada General Rodr\u00edguez, queda entre Moreno<\/p><p class=\"wp-block-post-excerpt__more-text\"><a class=\"wp-block-post-excerpt__more-link\" href=\"https:\/\/fmtinkunaco.ar\/?p=7381\">Leer mas&#8230;<\/a><\/p><\/div>\n\n<div class=\"wp-block-post-date\"><time datetime=\"2026-04-20T11:08:19-03:00\">20 de abril de 2026<\/time><\/div><\/div><\/div>\n\n<\/li><li class=\"wp-block-post post-7378 post type-post status-publish format-standard has-post-thumbnail hentry category-cultura\">\n\n<div class=\"wp-block-group\" style=\"padding-top:30px;padding-right:30px;padding-bottom:30px;padding-left:30px\"><div class=\"wp-block-group__inner-container is-layout-flow wp-block-group-is-layout-flow\"><h2 class=\"wp-block-post-title\"><a href=\"https:\/\/fmtinkunaco.ar\/?p=7378\" target=\"_self\" >La comunidad Qom de Presidente Derqui invita a una Charla Cultural Abierta<\/a><\/h2>\n\n<div class=\"wp-block-post-excerpt\"><p class=\"wp-block-post-excerpt__excerpt\">El pr\u00f3ximo domingo 19 de abril, la Comunidad Qom de Presidente Derqui \u2013 Pilar, invita a la Charla Cultural Abierta que realizar\u00e1n como inicio de la semana de los Pueblo Originarios, que ser\u00e1 del 19 al 25 de abril. Clemente, referente de la Comunidad, expres\u00f3 \u201cVamos a dar una charla acerca de la historia de<\/p><p class=\"wp-block-post-excerpt__more-text\"><a class=\"wp-block-post-excerpt__more-link\" href=\"https:\/\/fmtinkunaco.ar\/?p=7378\">Leer mas&#8230;<\/a><\/p><\/div>\n\n<div class=\"wp-block-post-date\"><time datetime=\"2026-04-16T09:53:11-03:00\">16 de abril de 2026<\/time><\/div><\/div><\/div>\n\n<\/li><li class=\"wp-block-post post-7374 post type-post status-publish format-standard has-post-thumbnail hentry category-cultura\">\n\n<div class=\"wp-block-group\" style=\"padding-top:30px;padding-right:30px;padding-bottom:30px;padding-left:30px\"><div class=\"wp-block-group__inner-container is-layout-flow wp-block-group-is-layout-flow\"><h2 class=\"wp-block-post-title\"><a href=\"https:\/\/fmtinkunaco.ar\/?p=7374\" target=\"_self\" >La Tucumanita, 20 a\u00f1os de encuentros<\/a><\/h2>\n\n<div class=\"wp-block-post-excerpt\"><p class=\"wp-block-post-excerpt__excerpt\">La Tucumanita de Pilar cumple, este a\u00f1o, 20 a\u00f1os de trayectoria en el rubro cultural y gastron\u00f3mico y lo celebraran durante todo el 2026 con comida t\u00edpica y eventos diversos. Claudio Sosa, es referente de La Tucumanita, y se refiri\u00f3 al camino recorrido en estos 20 a\u00f1os \u201cYa son 20 a\u00f1os, por ah\u00ed transformados porque<\/p><p class=\"wp-block-post-excerpt__more-text\"><a class=\"wp-block-post-excerpt__more-link\" href=\"https:\/\/fmtinkunaco.ar\/?p=7374\">Leer mas&#8230;<\/a><\/p><\/div>\n\n<div class=\"wp-block-post-date\"><time datetime=\"2026-04-15T11:53:18-03:00\">15 de abril de 2026<\/time><\/div><\/div><\/div>\n\n<\/li><li class=\"wp-block-post post-7369 post type-post status-publish format-standard has-post-thumbnail hentry category-blog category-sociedad\">\n\n<div class=\"wp-block-group\" style=\"padding-top:30px;padding-right:30px;padding-bottom:30px;padding-left:30px\"><div class=\"wp-block-group__inner-container is-layout-flow wp-block-group-is-layout-flow\"><h2 class=\"wp-block-post-title\"><a href=\"https:\/\/fmtinkunaco.ar\/?p=7369\" target=\"_self\" >Trabajadores y trabajadoras municipales de Moreno exigen una mejora salarial significativa<\/a><\/h2>\n\n<div class=\"wp-block-post-excerpt\"><p class=\"wp-block-post-excerpt__excerpt\">El aumento del primer tramo, en las y los trabajadores municipales de Moreno, que representa un 4,5%, equivale a $22.000 en trabajadores con una antig\u00fcedad de 20 a\u00f1os.En este marco, es que se exigen aumentos salariales significativos y que no sean a la baja. Ayer hubo una reuni\u00f3n donde no existi\u00f3 oferta y hay una<\/p><p class=\"wp-block-post-excerpt__more-text\"><a class=\"wp-block-post-excerpt__more-link\" href=\"https:\/\/fmtinkunaco.ar\/?p=7369\">Leer mas&#8230;<\/a><\/p><\/div>\n\n<div class=\"wp-block-post-date\"><time datetime=\"2026-04-14T10:59:39-03:00\">14 de abril de 2026<\/time><\/div><\/div><\/div>\n\n<\/li><\/ul>\n\n<nav class=\"wp-block-query-pagination is-content-justification-center is-nowrap is-layout-flex wp-container-core-query-pagination-is-layout-23441af8 wp-block-query-pagination-is-layout-flex\" aria-label=\"Paginaci\u00f3n\">\n\n\n<a href=\"\/index.php?rest_route=%2Fwp%2Fv2%2Fpages%2F37&#038;query-26-page=2\" style=\"font-size:0.9rem;text-transform:uppercase;letter-spacing:1px;\" class=\"wp-elements-165a8aa96a7546446f11c5f70728c230 wp-block-query-pagination-next\">P\u00e1gina siguiente<\/a>\n<\/nav><\/div>\n<\/div><\/div>\n<\/div>\n","protected":false},"excerpt":{"rendered":"","protected":false},"author":1,"featured_media":0,"parent":0,"menu_order":0,"comment_status":"closed","ping_status":"closed","template":"","meta":{"footnotes":""},"class_list":["post-37","page","type-page","status-publish","hentry"],"_links":{"self":[{"href":"https:\/\/fmtinkunaco.ar\/index.php?rest_route=\/wp\/v2\/pages\/37","targetHints":{"allow":["GET"]}}],"collection":[{"href":"https:\/\/fmtinkunaco.ar\/index.php?rest_route=\/wp\/v2\/pages"}],"about":[{"href":"https:\/\/fmtinkunaco.ar\/index.php?rest_route=\/wp\/v2\/types\/page"}],"author":[{"embeddable":true,"href":"https:\/\/fmtinkunaco.ar\/index.php?rest_route=\/wp\/v2\/users\/1"}],"replies":[{"embeddable":true,"href":"https:\/\/fmtinkunaco.ar\/index.php?rest_route=%2Fwp%2Fv2%2Fcomments&post=37"}],"version-history":[{"count":27,"href":"https:\/\/fmtinkunaco.ar\/index.php?rest_route=\/wp\/v2\/pages\/37\/revisions"}],"predecessor-version":[{"id":5976,"href":"https:\/\/fmtinkunaco.ar\/index.php?rest_route=\/wp\/v2\/pages\/37\/revisions\/5976"}],"wp:attachment":[{"href":"https:\/\/fmtinkunaco.ar\/index.php?rest_route=%2Fwp%2Fv2%2Fmedia&parent=37"}],"curies":[{"name":"wp","href":"https:\/\/api.w.org\/{rel}","templated":true}]}}